{"id":159,"date":"2016-03-06T20:57:56","date_gmt":"2016-03-06T20:57:56","guid":{"rendered":"http:\/\/www.trinor.es\/?page_id=159"},"modified":"2024-01-18T11:32:09","modified_gmt":"2024-01-18T11:32:09","slug":"3430-une-conference-de-presse","status":"publish","type":"page","link":"https:\/\/www.trinor.es\/fr\/3000-service-dinterpretes\/3400-vous-allez-organiser\/3430-une-conference-de-presse\/","title":{"rendered":"&#8230; une conf\u00e9rence de presse"},"content":{"rendered":"<h2>Vous organisez <strong>une conf\u00e9rence de presse avec une ou plusieurs personnes qui parlent une langue \u00e9trang\u00e8re<\/strong><\/h2>\n<h3>Prestation pr\u00e9conis\u00e9e<\/h3>\n<p><a href=\"http:\/\/www.trinor.es\/t3000\/t3200\/t3210\/\">Simultan\u00e9e<\/a> en <a href=\"http:\/\/www.trinor.es\/t3000\/t3300\/t3310\/t3311\/\">cabine<\/a><\/p>\n<h3>De quoi s\u2019agit-il\u00a0?<\/h3>\n<p>Une seule interpr\u00e8te, install\u00e9e dans une cabine insonoris\u00e9e, assurant une bonne vue sur l\u2019orateur, traduit instantan\u00e9ment ses propos, que le public peut \u00e9couter \u00e0 travers des \u00e9couteurs. Si la conf\u00e9rence dure plus d\u2019une heure et demie, deux interpr\u00e8tes seront n\u00e9cessaires.<\/p>\n<h3>De quoi avez-vous besoin\u00a0?<\/h3>\n<p><strong>Infrastructure\u00a0: <\/strong>si les locaux ne sont pas \u00e9quip\u00e9s, pr\u00e9voir une cabine par langue \u00e9trang\u00e8re, la sonorisation de la salle et des \u00e9couteurs.<\/p>\n<p><strong>Interpr\u00e8tes\u00a0:<\/strong> une interpr\u00e8te par langue\u00a0; deux si la conf\u00e9rence dure plus d\u2019une heure et demie.<\/p>\n<h3>Les interpr\u00e8tes, de quoi ont-elles besoin\u00a0?<\/h3>\n<p>Toute information sur le conf\u00e9rencier et le sujet, y compris tout le mat\u00e9riel qui sera remis aux m\u00e9dias.<\/p>\n<p>&nbsp;<\/p>\n","protected":false},"excerpt":{"rendered":"<p>Vous organisez une conf\u00e9rence de presse avec une ou plusieurs personnes qui parlent une langue \u00e9trang\u00e8re Prestation pr\u00e9conis\u00e9e Simultan\u00e9e en cabine De quoi s\u2019agit-il\u00a0? Une seule interpr\u00e8te, install\u00e9e dans une cabine insonoris\u00e9e, assurant une bonne vue sur l\u2019orateur, traduit instantan\u00e9ment ses propos, que le public peut \u00e9couter \u00e0 travers des \u00e9couteurs. Si la conf\u00e9rence dure &hellip; <a href=\"https:\/\/www.trinor.es\/fr\/3000-service-dinterpretes\/3400-vous-allez-organiser\/3430-une-conference-de-presse\/\" class=\"more-link\">Continuer la lecture de <span class=\"screen-reader-text\">&#8230; une conf\u00e9rence de presse<\/span> <span class=\"meta-nav\">&rarr;<\/span><\/a><\/p>\n","protected":false},"author":1,"featured_media":0,"parent":153,"menu_order":3430,"comment_status":"closed","ping_status":"closed","template":"","meta":{"footnotes":""},"class_list":["post-159","page","type-page","status-publish","hentry"],"_links":{"self":[{"href":"https:\/\/www.trinor.es\/fr\/wp-json\/wp\/v2\/pages\/159","targetHints":{"allow":["GET"]}}],"collection":[{"href":"https:\/\/www.trinor.es\/fr\/wp-json\/wp\/v2\/pages"}],"about":[{"href":"https:\/\/www.trinor.es\/fr\/wp-json\/wp\/v2\/types\/page"}],"author":[{"embeddable":true,"href":"https:\/\/www.trinor.es\/fr\/wp-json\/wp\/v2\/users\/1"}],"replies":[{"embeddable":true,"href":"https:\/\/www.trinor.es\/fr\/wp-json\/wp\/v2\/comments?post=159"}],"version-history":[{"count":3,"href":"https:\/\/www.trinor.es\/fr\/wp-json\/wp\/v2\/pages\/159\/revisions"}],"predecessor-version":[{"id":927,"href":"https:\/\/www.trinor.es\/fr\/wp-json\/wp\/v2\/pages\/159\/revisions\/927"}],"up":[{"embeddable":true,"href":"https:\/\/www.trinor.es\/fr\/wp-json\/wp\/v2\/pages\/153"}],"wp:attachment":[{"href":"https:\/\/www.trinor.es\/fr\/wp-json\/wp\/v2\/media?parent=159"}],"curies":[{"name":"wp","href":"https:\/\/api.w.org\/{rel}","templated":true}]}}